{"id":5487,"date":"2020-09-12T17:10:47","date_gmt":"2020-09-12T17:10:47","guid":{"rendered":"http:\/\/www.tokiederikastola.org\/?page_id=5487"},"modified":"2021-06-28T08:40:52","modified_gmt":"2021-06-28T08:40:52","slug":"prevencion-covid","status":"publish","type":"page","link":"https:\/\/www.tokiederikastola.org\/es\/prevencion-covid\/","title":{"rendered":"PREVENCION COVID"},"content":{"rendered":"<div class=\"wpb-content-wrapper\">[vc_row][vc_column][vc_single_image image=\u00bb5488&#8243;][\/vc_column][\/vc_row][vc_row][vc_column width=\u00bb1\/3&#8243;][vc_single_image image=\u00bb5502&#8243;][\/vc_column][vc_column width=\u00bb2\/3&#8243;][vc_tta_tour][vc_tta_section title=\u00bbCU\u00c1NDO NO VENIR A LA IKASTOLA\u00bb tab_id=\u00bb1599930554206-967fdb09-4e1c\u00bb][vc_column_text]<strong>Qu\u00e9date en casa si&#8230;<\/strong><\/p>\n<ol>\n<li>Eres contacto estrecho de un covid positivo.<\/li>\n<li>Tienes tos.<\/li>\n<li>Tienes dolor de garganta.<\/li>\n<li>Tienes m\u00e1s de 37\u00ba (recuerda tomarte la temperatura antes de venir).<\/li>\n<li>Tienes sensaci\u00f3n de falta de aire.<\/li>\n<li>Tienes p\u00e9rdida de olfato.<\/li>\n<\/ol>\n[\/vc_column_text][\/vc_tta_section][vc_tta_section title=\u00bb\u00bfQU\u00c9 HACER EN ESE CASO?\u00bb tab_id=\u00bb1599930554288-9d276743-39e1&#8243;][vc_column_text]<strong>Contacta con:<\/strong><\/p>\n<p><strong>La ikastola en el 945 17 12 10<\/strong> o mandando un email a <strong>tokieder@tokieder.eus.<\/strong><\/p>\n<p><strong><a href=\"https:\/\/www.osakidetza.euskadi.eus\/buscador-de-centros-sanitarios-y-hospitales\/ab84-cerbus\/es\/\">Tu centro de salud<\/a> o en el tel\u00e9fono del Consejo Sanitario 900 20 30 50.<\/strong>[\/vc_column_text][\/vc_tta_section][vc_tta_section title=\u00bbEN CASO DE CONTACTO COVID POSITIVO\u00bb tab_id=\u00bb1600504358699-d40bc008-dbb1&#8243;][vc_column_text]Sigue estas <a href=\"http:\/\/www.tokiederikastola.org\/wp-content\/uploads\/2020\/09\/ikasle-kontaktua-1.pdf\"><strong>pautas para saber c\u00f3mo actuar en caso de contacto con COVID positivo.<\/strong><\/a>[\/vc_column_text][\/vc_tta_section][vc_tta_section title=\u00bbEN CASO DE S\u00cdNTOMAS DE UN ALUMNO\u00bb tab_id=\u00bb1600515661729-57dae355-37c8&#8243;][vc_column_text]Estas son las<a href=\"http:\/\/www.tokiederikastola.org\/wp-content\/uploads\/2020\/09\/ikasle-sintomak.pdf\"><strong> pautas a seguir cuando un alumno presenta s\u00edntomas.<\/strong><\/a>[\/vc_column_text][\/vc_tta_section][vc_tta_section title=\u00bb\u00bfC\u00d3MO EVITAR LA TRANSMISI\u00d3N?\u00bb tab_id=\u00bb1599933002051-3b4dd25a-0572&#8243;][vc_column_text]<strong>Evitar la transmisi\u00f3n del virus depende de todos nosotros. Evitas que el virus se propague cuando:<\/strong><\/p>\n<ol>\n<li>Utilizas correctamente la <strong>mascarilla.<\/strong><\/li>\n<li>Te lavas correctamente las <strong>manos.<\/strong><\/li>\n<li>Mantienes la distancia de seguridad m\u00ednima de <strong>1,5 metros.<\/strong><\/li>\n<li><strong>Evitas las aglomeraciones<\/strong> de personas.<\/li>\n<li><strong>Evitas tocar superficies u objetos<\/strong> comunes, si lo haces, \u00a1l\u00e1vate las manos! Pomos de puertas, interruptores, barandillas&#8230;<\/li>\n<li>Cuando al llegar a casa <strong>limpias los objetos<\/strong> que pueden estar contaminados (tel\u00e9fono, cartera, llaves&#8230;)<\/li>\n<\/ol>\n[\/vc_column_text][\/vc_tta_section][\/vc_tta_tour][\/vc_column][\/vc_row][vc_row][vc_column width=\u00bb1\/3&#8243;][vc_single_image image=\u00bb5495&#8243;][\/vc_column][vc_column width=\u00bb2\/3&#8243;][vc_tta_tour][vc_tta_section title=\u00bbMASCARILLAS HIGI\u00c9NICAS\u00bb tab_id=\u00bb1599998431298-766808ba-7ac7&#8243;][vc_column_text]<strong>Una mascarilla higi\u00e9nica<\/strong> es un producto no sanitario que cubre la boca, la nariz y la barbilla que bien se sujeta a la cabeza o a las orejas. <strong>Las mascarillas homologadas (las recomendadas por su eficacia) son las\u00a0UNE 0064 (de un solo uso) y 0065 (reutilizables). Busca estas especificaciones<\/strong> en el envasado y sigue las especificaciones del fabricante sobre las horas de uso e instrucciones de desinfecci\u00f3n para su reutilizaci\u00f3n sin p\u00e9rdida de propiedades. Est\u00e1n indicadas <strong>para personas sanas.<\/strong>[\/vc_column_text][\/vc_tta_section][vc_tta_section title=\u00bbMASCARILLAS QUIRURGICAS\u00bb tab_id=\u00bb1599998431364-10b86ace-4d3a\u00bb][vc_column_text]Normalmente <strong>se venden en farmacias<\/strong> y siempre deben presentarse en <strong>un formato que garantice su protecci\u00f3n frente a la contaminaci\u00f3n antes de su uso.<\/strong> Son las mascarillas para las que el Ministerio de Consumo fij\u00f3 un precio de 0,96 euros. Las pueden utilizar personas sanas, pero est\u00e1n <strong>recomendadas para personas asintom\u00e1ticas o con s\u00edntomas de COVID19.<\/strong> <strong>No son reutilizables.<\/strong> Consulta las especificaciones sobre el tiempo de uso, por lo normal: 4 horas. Deben ajustarse bien al rostro y la nariz, utilizarse con la parte azul o verde hacia fuera y cambiarse siempre que est\u00e9n h\u00famedas o deterioradas. <strong>Deben contar con con el CE del est\u00e1ndar europeo, UNE EN 14683<\/strong> y las hay de tipo I o II (ambas son v\u00e1lidas).[\/vc_column_text][\/vc_tta_section][vc_tta_section title=\u00bbMASCARILLAS FFP2&#8243; tab_id=\u00bb1599998431434-07bf6802-aedf\u00bb][vc_column_text]<strong>Estas mascarillas deben reservarse para personal sanitario o especialmente vulnerable y son las recomendadas para personas que vayan a estar en contacto con el virus.<\/strong> Denominadas igualmente FFP2 o KN95 son material sanitario que protege a quien la lleva y a los dem\u00e1s (siempre y cuando no tengan v\u00e1lvula). <strong>En condiciones normales no son necesarias, resultan a su vez m\u00e1s dif\u00edciles de conseguir, m\u00e1s caras y m\u00e1s incomodas.<\/strong> Forman parte de las mascarillas EPI (las hay FFPI, FFP III) y su uso, las hay con y sin v\u00e1lvula. Al igual que en los casos anteriores deben seguirse las especificaciones del fabricante, las hay reutilizables y <strong>su estandar es el CE UNE EN 149.<\/strong>[\/vc_column_text][\/vc_tta_section][vc_tta_section title=\u00bb\u00bfCU\u00c1L USO YO?\u00bb tab_id=\u00bb1599998431510-aa7a77a5-37fd\u00bb][vc_column_text]Es muy sencillo:<\/p>\n<p><strong>Si est\u00e1s sano: utiliza una mascarilla higi\u00e9nica, reutilizable o no.<\/strong> Recuerda que para ni\u00f1os las hay con un tallaje m\u00e1s peque\u00f1o, es importante que se ajusten bien.<\/p>\n<p><strong>Si tienes s\u00edntomas o sospechas: utilizar una mascarilla quir\u00fargica y contacta<\/strong> con el m\u00e9dico.<\/p>\n<p>&nbsp;<\/p>\n[\/vc_column_text][\/vc_tta_section][vc_tta_section title=\u00bb\u00bfC\u00d3MO SE USA?\u00bb tab_id=\u00bb1599998431571-e7c0bc90-e978&#8243;][vc_column_text]<span style=\"color: #0000ff;\"><strong>Una mascarilla mal utilizada no sirve de nada.<\/strong> <\/span>Recuerda:<\/p>\n<ol>\n<li><strong>Las manos deben lavarse siempre antes y despu\u00e9s de tocar una mascarilla.<\/strong><\/li>\n<li>Para ponerla o quitarla debemos hacerlo <strong>usando las cuerdas de sujeci\u00f3n nunca tocando la parte que cubre el rostro.<\/strong><\/li>\n<li>La mascarilla <strong>tiene que tapar barbilla, boca y nariz<\/strong> \u00a1No la dejes fuera!<\/li>\n<li><strong>Si necesitas rascarte hazlo por fuera<\/strong> \u00a1Nunca te la quites para eso o metas la mano por dentro! <strong>y l\u00e1vate las manos inmediatamente antes y despu\u00e9s.<\/strong><\/li>\n<li><strong>No te toques la cara, especialmente boca, nariz y ojos.<\/strong><\/li>\n<li><strong>No utilices las mascarillas m\u00e1s tiempo del recomendado<\/strong> (recuerda, normalmente 4 horas).<\/li>\n<li><strong>No la reutilices si no es reutilizable.<\/strong><\/li>\n<li><strong>No la dejes colgando de la oreja o la bajes a la barbilla,<\/strong> si necesitas quit\u00e1rtela un momento (para beber por ejemplo) hazlo con la mano limpia y y sujet\u00e1ndola de la cuerda. Si es por un tiempo m\u00e1s largo (vas a comer por ejemplo) lo mejor es guardarla en un sobre de papel.<\/li>\n<li><strong>Nunca dejes tu mascarilla sobre ninguna superficie.<\/strong><\/li>\n<li><strong>Las mascarillas deben tirarse al contenedor gris<\/strong> (residuos domiciliarios no org\u00e1nicos) y en caso de tener sintomas, sospecharlo, o ser positivo, estas deben ir en una bolsa cerrada.<\/li>\n<\/ol>\n[\/vc_column_text][\/vc_tta_section][\/vc_tta_tour][\/vc_column][\/vc_row][vc_row][vc_column][vc_column_text]\n<h1 style=\"text-align: center;\">APRENDE A LAVARTE LAS MANOS<\/h1>\n[\/vc_column_text]<div class=\"vcex-spacing wpex-w-100 wpex-clear\" style=\"height:40px;\"><\/div>[vc_column_text]\n<p style=\"text-align: center;\"><span style=\"font-size: 18px;\"><strong>Lavarse bien las manos es,<\/strong> junto con el uso de mascarilla y la distancia social, <strong>una de las tres medidas m\u00e1s eficaces contra el coronavirus.<\/strong> \u00a1Aprende a hacerlo bien!<\/span><\/p>\n[\/vc_column_text]<div class=\"vcex-spacing wpex-w-100 wpex-clear\" style=\"height:40px;\"><\/div>[vc_row_inner][vc_column_inner][vc_video link=\u00bbhttps:\/\/www.youtube.com\/watch?v=NMmAj1EKdVo\u00bb][\/vc_column_inner][\/vc_row_inner][\/vc_column][\/vc_row][vc_row][vc_column][vc_column_text]\n<h1 style=\"text-align: center;\">RECURSOS EMOCIONALES<\/h1>\n[\/vc_column_text]<div class=\"vcex-spacing wpex-w-100 wpex-clear\" style=\"height:40px;\"><\/div>[vc_column_text]<span style=\"font-size: 18px;\">Existen m\u00faltiples <strong>recursos en la red para abordar el tema con los m\u00e1s peque\u00f1os<\/strong> de una manera clara pero serena. Aqu\u00ed te dejamos <strong>algunos de los que nos parecen m\u00e1s interesantes.\u00a0<\/strong><\/span>[\/vc_column_text]<div class=\"vcex-spacing wpex-w-100 wpex-clear\" style=\"height:40px;\"><\/div>[vc_row_inner][vc_column_inner width=\u00bb1\/2&#8243;][vc_single_image image=\u00bb5514&#8243;][vc_column_text]\n<h2><strong>ROSA CONTRA EL VIRUS<\/strong><\/h2>\n<p>Rosa contra el virus es un <strong>cuento del Colegio de Psic\u00f3logos de Madrid<\/strong> para <strong>explicar a los ni\u00f1os el coronavirus<\/strong> y otros virus, que ofrece <strong>pautas para el manejo de la situaci\u00f3n desde el punto de la salud mental y emocional.<\/strong> <a href=\"https:\/\/www.copmadrid.org\/web\/img_db\/publicaciones\/rosa-contra-el-virus-cuento-para-explicar-a-los-ninos-y-ninas-el-coronavirus-y-otros-posibles-virus-5e72423588003.pdf\">Desc\u00e1rgatelo aqu\u00ed.<\/a>[\/vc_column_text][\/vc_column_inner][vc_column_inner width=\u00bb1\/2&#8243;][vc_single_image image=\u00bb5511&#8243;][vc_column_text]\n<h2>\u00bfC\u00d3MO TE SIENTES?<\/h2>\n<p><strong>El covid book es una herramienta de trabajo emocional<\/strong> para explicar a los m\u00e1s peque\u00f1os qu\u00e9 es el coronavirus, <strong>poder ver c\u00f3mo se sienten y afrontarlo<\/strong> desde la serenidad. <a href=\"https:\/\/660919d3-b85b-43c3-a3ad-3de6a9d37099.filesusr.com\/ugd\/64c685_ef31d8e608fd4b528eae3132b67a445e.pdf\">Accede a este recurso pinchando aqu\u00ed.<\/a>[\/vc_column_text][\/vc_column_inner][\/vc_row_inner][\/vc_column][\/vc_row][vc_row full_width=\u00bbstretch_row\u00bb bg_style=\u00bbstretch\u00bb video_bg_overlay=\u00bbnone\u00bb css=\u00bb.vc_custom_1600502512378{padding-top: 80px !important;padding-bottom: 40px !important;background-image: url(http:\/\/www.tokiederikastola.org\/wp-content\/uploads\/2020\/09\/virus-4835301_1920.jpg?id=5526) !important;background-position: center !important;background-repeat: no-repeat !important;background-size: cover !important;}\u00bb][vc_column]<style>.vcex-heading.vcex_69f1d831984e3{color:#FFFFFF;font-size:36px;}<\/style><h1 class=\"vcex-heading vcex-heading-plain vcex-module wpex-heading wpex-text-2xl wpex-text-center vcex_69f1d831984e3\"><span class=\"vcex-heading-inner wpex-inline-block\">\u00daLTIMOS AVISOS SOBRE EL CORONAVIRUS EN LA IKASTOLA<\/span><\/h1><div class=\"vcex-module vcex-divider vcex-divider-solid vcex-divider-center wpex-mx-auto wpex-max-w-100 wpex-block wpex-h-0 wpex-border-b wpex-border-solid wpex-border-main\" style=\"width:60px;margin-block-start:15px;margin-block-end:40px;\"><\/div><div class=\"vcex-spacing wpex-w-100 wpex-clear\" style=\"height:40px;\"><\/div><style>.vcex-button.vcex_69f1d8319b8f7{border-radius:5px;}<\/style><div class=\"theme-button-wrap textcenter wpex-clr\"><a href=\"http:\/\/www.tokiederikastola.org\/index.php\/category\/KORONABIRUSA-CORONAVIRUS\/\" class=\"vcex-button theme-button flat white medium align-center inline vcex_69f1d8319b8f7\" title=\"View Our Portfolio\" target=\"_blank\" rel=\"nofollow noopener noreferrer\"><span class=\"vcex-button-inner theme-button-inner wpex-flex wpex-flex-wrap wpex-items-center wpex-justify-center\">LEER AVISOS RELACIONADOS<\/span><\/a><\/div> [\/vc_column][\/vc_row][vc_row][vc_column][vc_empty_space height=\u00bb100px\u00bb][\/vc_column][\/vc_row][vc_row full_width=\u00bbstretch_row\u00bb bg_style=\u00bbstretch\u00bb video_bg_overlay=\u00bbnone\u00bb css=\u00bb.vc_custom_1600502735078{padding-top: 80px !important;padding-bottom: 40px !important;background-image: url(http:\/\/www.tokiederikastola.org\/wp-content\/uploads\/2020\/09\/virus-4999857_1280.png?id=5528) !important;background-position: center !important;background-repeat: no-repeat !important;background-size: cover !important;}\u00bb][vc_column]<style>.vcex-heading.vcex_69f1d8319c5e0{color:#000000;font-size:36px;}<\/style><h1 class=\"vcex-heading vcex-heading-plain vcex-module wpex-heading wpex-text-2xl wpex-text-center vcex_69f1d8319c5e0\"><span class=\"vcex-heading-inner wpex-inline-block\">PLAN DE CONTINGENCIA<\/span><\/h1><div class=\"vcex-module vcex-divider vcex-divider-solid vcex-divider-center wpex-mx-auto wpex-max-w-100 wpex-block wpex-h-0 wpex-border-b wpex-border-solid wpex-border-main\" style=\"width:60px;margin-block-start:15px;margin-block-end:40px;\"><\/div><div class=\"vcex-spacing wpex-w-100 wpex-clear\" style=\"height:40px;\"><\/div><style>.vcex-button.vcex_69f1d8319e024{border-radius:5px;}<\/style><div class=\"theme-button-wrap textcenter wpex-clr\"><a href=\"http:\/\/www.tokiederikastola.org\/wp-content\/uploads\/2020\/09\/PLAN-DE-CONTINGENCIA-Ikastola.pdf\" class=\"vcex-button theme-button flat black medium align-center inline vcex_69f1d8319e024\" title=\"View Our Portfolio\" target=\"_blank\" rel=\"nofollow noopener noreferrer\"><span class=\"vcex-button-inner theme-button-inner wpex-flex wpex-flex-wrap wpex-items-center wpex-justify-center\">Leer el plan de contingencia<\/span><\/a><\/div> [\/vc_column][\/vc_row][vc_row][vc_column]<div class=\"vcex-spacing wpex-w-100 wpex-clear\" style=\"height:40px;\"><\/div>[vc_single_image image=\u00bb4931&#8243; alignment=\u00bbcenter\u00bb][vc_column_text]\n<p style=\"text-align: center;\">TOKIEDER ikastola.<br \/>\nWellingtongo dukea 6, 01010 Gasteiz<br \/>\ntokieder@tokieder.eus 945 18 70 40<\/p>\n<p style=\"text-align: center;\"><strong>Kontsultatu pribatutasun-politika, datuak eta cookie-ak hemen.<\/strong><\/p>\n[\/vc_column_text][\/vc_column][\/vc_row]\n<\/div>","protected":false},"excerpt":{"rendered":"<p>[vc_row][vc_column][vc_single_image image=\u00bb5488&#8243;][\/vc_column][\/vc_row][vc_row][vc_column width=\u00bb1\/3&#8243;][vc_single_image image=\u00bb5502&#8243;][\/vc_column][vc_column width=\u00bb2\/3&#8243;][vc_tta_tour][vc_tta_section title=\u00bbCU\u00c1NDO NO VENIR A LA IKASTOLA\u00bb tab_id=\u00bb1599930554206-967fdb09-4e1c\u00bb][vc_column_text]Qu\u00e9date en casa si&#8230; Eres contacto estrecho de un covid positivo. Tienes tos. Tienes dolor de garganta. Tienes m\u00e1s de 37\u00ba (recuerda tomarte la temperatura antes de venir). Tienes sensaci\u00f3n de falta de aire. Tienes p\u00e9rdida de olfato. [\/vc_column_text][\/vc_tta_section][vc_tta_section title=\u00bb\u00bfQU\u00c9 HACER EN ESE CASO?\u00bb&hellip;<\/p>\n","protected":false},"author":1,"featured_media":0,"parent":0,"menu_order":0,"comment_status":"closed","ping_status":"closed","template":"","meta":{"footnotes":""},"class_list":["post-5487","page","type-page","status-publish","hentry","entry","no-media"],"_links":{"self":[{"href":"https:\/\/www.tokiederikastola.org\/es\/wp-json\/wp\/v2\/pages\/5487","targetHints":{"allow":["GET"]}}],"collection":[{"href":"https:\/\/www.tokiederikastola.org\/es\/wp-json\/wp\/v2\/pages"}],"about":[{"href":"https:\/\/www.tokiederikastola.org\/es\/wp-json\/wp\/v2\/types\/page"}],"author":[{"embeddable":true,"href":"https:\/\/www.tokiederikastola.org\/es\/wp-json\/wp\/v2\/users\/1"}],"replies":[{"embeddable":true,"href":"https:\/\/www.tokiederikastola.org\/es\/wp-json\/wp\/v2\/comments?post=5487"}],"version-history":[{"count":37,"href":"https:\/\/www.tokiederikastola.org\/es\/wp-json\/wp\/v2\/pages\/5487\/revisions"}],"predecessor-version":[{"id":5764,"href":"https:\/\/www.tokiederikastola.org\/es\/wp-json\/wp\/v2\/pages\/5487\/revisions\/5764"}],"wp:attachment":[{"href":"https:\/\/www.tokiederikastola.org\/es\/wp-json\/wp\/v2\/media?parent=5487"}],"curies":[{"name":"wp","href":"https:\/\/api.w.org\/{rel}","templated":true}]}}